{"id":615,"date":"2022-05-02T13:40:13","date_gmt":"2022-05-02T11:40:13","guid":{"rendered":"https:\/\/tamara-zeidler.de\/?page_id=615"},"modified":"2022-05-02T14:43:47","modified_gmt":"2022-05-02T12:43:47","slug":"einzelcoaching-und-teamcoaching","status":"publish","type":"page","link":"https:\/\/tamara-zeidler.de\/?page_id=615","title":{"rendered":"Einzelcoaching und Teamcoaching"},"content":{"rendered":"\n<p class=\"has-header-gradient-color has-text-color\"><strong>Ziele finden und erreichen I Krisen und Konflikte konstruktiv l\u00f6sen<\/strong><\/p>\n\n\n\n<figure class=\"wp-block-table\"><table><tbody><tr><td><\/td><\/tr><\/tbody><\/table><\/figure>\n\n\n\n<blockquote class=\"wp-block-quote is-layout-flow wp-block-quote-is-layout-flow\"><p>Manchmal zeigt sich der Weg erst, wenn man anf\u00e4ngt, ihn zu gehen<\/p><cite>Paul Coehlo<\/cite><\/blockquote>\n\n\n\n<p>Ich begleite Sie intensiv dabei, pers\u00f6nliche und berufliche Ziele zu definieren und in Einklang zu bringen mit Ihren pers\u00f6nlichen Werten und Vorstellungen.<br>Ich unterst\u00fctze Sie, Konflikte und Krisen zu kl\u00e4ren und aufzul\u00f6sen und eine positivere, widerstandsf\u00e4higere Haltung zu gewinnen. Gemeinsam reflektieren wir Geschehenes und Erlebtes und entwickeln f\u00fcr Sie neue Strategien und Gewohnheiten, die zu Ihren beruflichen Zielen und Bed\u00fcrfnissen passen.<br>In meiner Coachingarbeit teile ich mein Wissen und meine Erfahrungen mit Ihnen, zeige neue Perspektiven auf und entwickle gemeinsam mit Ihnen durch kreative Methoden alltagstaugliches R\u00fcstzeug, welches Sie authentisch und zielf\u00fchrend einsetzen k\u00f6nnen.<\/p>\n\n\n\n<p>Gemeinsam st\u00e4rken wir Ihre vorhandenen Ressourcen und nutzen Ihr Potential, von dem Sie vielleicht noch gar nicht wissen, dass Sie es haben!<\/p>\n\n\n\n<p>Im Mittelpunkt steht nicht die Wahrheit, sondern Ihre pers\u00f6nliche Wahrnehmung. Damit l\u00f6sen wir uns von Kategorien wie \u201erichtig\u201c oder \u201efalsch\u201c und finden die passgenauen Ziele und Wege f\u00fcr Sie.<\/p>\n\n\n\n<p>Auch Teams, die entwickelt, gest\u00e4rkt, gef\u00fchrt und motiviert werden sollen begleite ich im Teamcoaching.<br>Ich unterst\u00fctze den Prozess, eine gemeinschaftliche Teamkultur zu entwickeln sowie Teamziele zu definieren und in Handlungsstrategien zu \u00fcbersetzen.<\/p>\n\n\n\n<p><strong>Klingt das interessant f\u00fcr Sie?<br><\/strong>Nehmen Sie jetzt <a href=\"https:\/\/tamara-zeidler.de\/#Kontaktaufnahme\" data-type=\"URL\" data-id=\"https:\/\/tamara-zeidler.de\/#Kontaktaufnahme\">Kontakt <\/a>mit mir auf&nbsp;und lassen Sie sich unverbindlich beraten!<\/p>\n","protected":false},"excerpt":{"rendered":"<p>Ziele finden und erreichen I Krisen und Konflikte konstruktiv l\u00f6sen Manchmal zeigt sich der Weg erst, wenn man anf\u00e4ngt, ihn zu gehen Paul Coehlo Ich begleite Sie intensiv dabei, pers\u00f6nliche und berufliche Ziele zu definieren und in Einklang zu bringen mit Ihren pers\u00f6nlichen Werten und Vorstellungen.Ich unterst\u00fctze Sie, Konflikte und [&hellip;]<\/p>\n","protected":false},"author":4,"featured_media":43,"parent":0,"menu_order":0,"comment_status":"closed","ping_status":"closed","template":"","meta":{"footnotes":""},"class_list":["post-615","page","type-page","status-publish","has-post-thumbnail","hentry"],"_links":{"self":[{"href":"https:\/\/tamara-zeidler.de\/index.php?rest_route=\/wp\/v2\/pages\/615","targetHints":{"allow":["GET"]}}],"collection":[{"href":"https:\/\/tamara-zeidler.de\/index.php?rest_route=\/wp\/v2\/pages"}],"about":[{"href":"https:\/\/tamara-zeidler.de\/index.php?rest_route=\/wp\/v2\/types\/page"}],"author":[{"embeddable":true,"href":"https:\/\/tamara-zeidler.de\/index.php?rest_route=\/wp\/v2\/users\/4"}],"replies":[{"embeddable":true,"href":"https:\/\/tamara-zeidler.de\/index.php?rest_route=%2Fwp%2Fv2%2Fcomments&post=615"}],"version-history":[{"count":5,"href":"https:\/\/tamara-zeidler.de\/index.php?rest_route=\/wp\/v2\/pages\/615\/revisions"}],"predecessor-version":[{"id":636,"href":"https:\/\/tamara-zeidler.de\/index.php?rest_route=\/wp\/v2\/pages\/615\/revisions\/636"}],"wp:featuredmedia":[{"embeddable":true,"href":"https:\/\/tamara-zeidler.de\/index.php?rest_route=\/wp\/v2\/media\/43"}],"wp:attachment":[{"href":"https:\/\/tamara-zeidler.de\/index.php?rest_route=%2Fwp%2Fv2%2Fmedia&parent=615"}],"curies":[{"name":"wp","href":"https:\/\/api.w.org\/{rel}","templated":true}]}}